{"id":96,"date":"2021-09-18T13:44:49","date_gmt":"2021-09-18T13:44:49","guid":{"rendered":"https:\/\/besimxhelili.at\/al\/?page_id=96"},"modified":"2021-12-12T13:20:00","modified_gmt":"2021-12-12T13:20:00","slug":"rreth-meje","status":"publish","type":"page","link":"https:\/\/besimxhelili.at\/al\/rreth-meje\/","title":{"rendered":"Rreth meje"},"content":{"rendered":"\t\t<div data-elementor-type=\"wp-page\" data-elementor-id=\"96\" class=\"elementor elementor-96\" data-elementor-post-type=\"page\">\n\t\t\t\t\t\t<section class=\"elementor-section elementor-top-section elementor-element elementor-element-2217505 elementor-section-boxed elementor-section-height-default elementor-section-height-default\" data-id=\"2217505\" data-element_type=\"section\">\n\t\t\t\t\t\t<div class=\"elementor-container elementor-column-gap-default\">\n\t\t\t\t\t<div class=\"elementor-column elementor-col-100 elementor-top-column elementor-element elementor-element-9fe1ebd\" data-id=\"9fe1ebd\" data-element_type=\"column\">\n\t\t\t<div class=\"elementor-widget-wrap elementor-element-populated\">\n\t\t\t\t\t\t<div class=\"elementor-element elementor-element-9359445 elementor-widget elementor-widget-spacer\" data-id=\"9359445\" data-element_type=\"widget\" data-widget_type=\"spacer.default\">\n\t\t\t\t<div class=\"elementor-widget-container\">\n\t\t\t\t\t\t\t<div class=\"elementor-spacer\">\n\t\t\t<div class=\"elementor-spacer-inner\"><\/div>\n\t\t<\/div>\n\t\t\t\t\t\t<\/div>\n\t\t\t\t<\/div>\n\t\t\t\t\t<\/div>\n\t\t<\/div>\n\t\t\t\t\t<\/div>\n\t\t<\/section>\n\t\t\t\t<section class=\"elementor-section elementor-top-section elementor-element elementor-element-3ac55bc2 elementor-section-height-min-height elementor-section-boxed elementor-section-height-default elementor-section-items-middle\" data-id=\"3ac55bc2\" data-element_type=\"section\" data-settings=\"{&quot;background_background&quot;:&quot;classic&quot;}\">\n\t\t\t\t\t\t<div class=\"elementor-container elementor-column-gap-default\">\n\t\t\t\t\t<div class=\"elementor-column elementor-col-100 elementor-top-column elementor-element elementor-element-637e307\" data-id=\"637e307\" data-element_type=\"column\">\n\t\t\t<div class=\"elementor-widget-wrap\">\n\t\t\t\t\t\t\t<\/div>\n\t\t<\/div>\n\t\t\t\t\t<\/div>\n\t\t<\/section>\n\t\t\t\t<section class=\"elementor-section elementor-top-section elementor-element elementor-element-702437a4 elementor-section-boxed elementor-section-height-default elementor-section-height-default\" data-id=\"702437a4\" data-element_type=\"section\">\n\t\t\t\t\t\t<div class=\"elementor-container elementor-column-gap-default\">\n\t\t\t\t\t<div class=\"elementor-column elementor-col-100 elementor-top-column elementor-element elementor-element-49342449\" data-id=\"49342449\" data-element_type=\"column\">\n\t\t\t<div class=\"elementor-widget-wrap elementor-element-populated\">\n\t\t\t\t\t\t<section class=\"elementor-section elementor-inner-section elementor-element elementor-element-8b783d9 elementor-section-boxed elementor-section-height-default elementor-section-height-default\" data-id=\"8b783d9\" data-element_type=\"section\">\n\t\t\t\t\t\t<div class=\"elementor-container elementor-column-gap-default\">\n\t\t\t\t\t<div class=\"elementor-column elementor-col-50 elementor-inner-column elementor-element elementor-element-c2806c6\" data-id=\"c2806c6\" data-element_type=\"column\">\n\t\t\t<div class=\"elementor-widget-wrap elementor-element-populated\">\n\t\t\t\t\t\t<div class=\"elementor-element elementor-element-3e5a52e elementor-widget elementor-widget-text-editor\" data-id=\"3e5a52e\" data-element_type=\"widget\" data-widget_type=\"text-editor.default\">\n\t\t\t\t<div class=\"elementor-widget-container\">\n\t\t\t\t\t\t\t\t\t<h4>Un\u00eb kam lindur m\u00eb 11 shkurt 1977 n\u00eb Tetov\u00eb dhe u rrita n\u00eb fshatin P\u00ebrshefc\u00eb, ku mbarova me sukses shkoll\u00ebn tet\u00ebvje\u00e7are. Shkoll\u00ebn e mesme e mbarova n\u00eb Tetov\u00eb, dhe n\u00eb vitin 1995 vazhdova studimet n\u00eb Universitetin e Tetov\u00ebs, t\u00eb cilat i nd\u00ebrpreva para kohe. Nga viti 1998 jetoj dhe veproj n\u00eb Vjen\u00eb t\u00eb Austris\u00eb, ku jam shum\u00eb aktiv n\u00eb organizime t\u00eb ndryshme kulturore dhe letrare. N\u00eb vitin 2006 vazhdova studimet n\u00eb Universitetin e Vjen\u00ebs, dega e Gjeografis\u00eb, nd\u00ebrsa n\u00eb vitin 2015 regjistrova pran\u00eb k\u00ebtij universiteti studimet e Filozofis\u00eb dhe Informatik\u00ebs, t\u00eb cilat nuk arrita t\u2019i p\u00ebrfundoj.<\/h4><h4>Deri m\u00eb tash kam botuar k\u00ebto vepra:<\/h4><h4><strong>Botimet n\u00eb gjuh\u00ebn shqipe<\/strong><\/h4><h4>1. \u201cEmocione\u201d, poezi, SHB \u201cLuma\u201d, Tetov\u00eb 1996<br \/>2. \u201cUn\u00eb n\u00eb syt\u00eb e tu\u201d, poezi, SHB \u201cAsdreni\u201d, Shkup 2007<br \/>3. \u201cBalad\u00eb e ngrir\u00eb\u201d, poezi, SHB \u201cURA\u201d, Prishtin\u00eb 2012<br \/>4. \u201cMes luleve dhe lotit\u201d, poezi, SHB \u201cURA\u201d, Prishtin\u00eb 2013<br \/>5. \u201cBesa\u201d, poezi, SHB \u201cFishta\u201d, Prishtin\u00eb 2016<br \/>6. \u201cDallg\u00eb n\u00eb zem\u00ebr\u201d, poezi, SHB \u201cAtunis\u201d, Prishtin\u00eb 2016<br \/>7. \u201cSy t\u00eb pafajsh\u00ebm&#8230;\u201d, poezi, SHB \u201cAtunis\u201d, Prishtin\u00eb 2016<br \/>8. \u201c1803\u201d, roman, SHB \u201cFishta\u201d, Prishtin\u00eb 2016<br \/>9. \u201cFragmente t\u00eb nj\u00eb zemre t\u00eb dalldisur\u201d, poezi, SHB \u201cLena\u201d, Prishtin\u00eb 2019<br \/>10. \u201cVrag\u00eb malli\u201d, poezi, SHB \u201cLena\u201d, Prishtin\u00eb 2019<\/h4><h4><strong>Botimet n\u00eb gjuh\u00ebn gjermane<\/strong><\/h4><h4>1. \u201c1803\u201d, roman n\u00eb gjermanisht, SHB \u201cBoD\u201d, Hamburg, Gjermani, janar 2018 (p\u00ebrkthyes: Kurt Gostentschnigg)<br \/>2. \u201cSy t\u00eb pafajsh\u00ebm&#8230;\u201d, poezi, gjermanisht, SHB \u201cBoD\u201d, Hamburg, Gjermani 2019 (p\u00ebrkthyes: Kurt Gostentschnigg)<br \/>3. \u201cFragmente t\u00eb nj\u00eb zemre t\u00eb dalldisur\u201d, poezi, gjermanisht, SHB \u201cBoD\u201d, Hamburg, Gjermani 2021 (p\u00ebrkthyes: Kurt Gostentschnigg)<br \/>4. \u201cVrag\u00eb malli\u201d, poezi, gjermanisht, SHB \u201cBoD\u201d, Hamburg, Gjermani 2021 (p\u00ebrkthyes: Kurt Gostentschnigg)<\/h4><h4><strong>Botimet n\u00eb gjuh\u00ebn suedeze<\/strong><\/h4><h4>1. \u201c1803\u201d, roman n\u00eb suedisht, SHB \u201cBoD\u201d, Stockholm, Suedi, janar 2018 (p\u00ebrkthyes: Ullmar Qvick)<\/h4><h4>Gjithashtu jam prezantuar n\u00eb disa antologji n\u00eb shqip dhe n\u00eb gjermanisht.<\/h4><h4>Jam an\u00ebtar i Lidhjes s\u00eb Shkrimtar\u00ebve t\u00eb Austris\u00eb, i PEN Klubit austriak, Lidhjes s\u00eb Shkrimtar\u00ebve t\u00eb Kosov\u00ebs, Lidhjes s\u00eb Krijuesve Shqiptar\u00eb n\u00eb M\u00ebrgat\u00eb dhe Kryetar Nderi i Lidhjes s\u00eb Shkrimtar\u00ebve dhe Krijuesve Shqiptar\u00eb n\u00eb Austri \u201cAleksand\u00ebr Moisiu\u201d, t\u00eb cil\u00ebn n\u00eb vitin 2011 e bashk\u00ebthemelova dhe e udh\u00ebhoqa deri n\u00eb vitin 2015.<\/h4><h4>Kontaktet:<br \/>Besim Xhelili<br \/>Tel.: 0043 (0) 660 486 6191<br \/>E-Mail: <a href=\"mailto:besim@live.at\">besim@live.at<\/a><br \/>Web: <a href=\"http:\/\/www.besimxhelili.at\">www.besimxhelili.at<\/a><\/h4>\t\t\t\t\t\t\t\t<\/div>\n\t\t\t\t<\/div>\n\t\t\t\t\t<\/div>\n\t\t<\/div>\n\t\t\t\t<div class=\"elementor-column elementor-col-50 elementor-inner-column elementor-element elementor-element-8f60d98\" data-id=\"8f60d98\" data-element_type=\"column\">\n\t\t\t<div class=\"elementor-widget-wrap elementor-element-populated\">\n\t\t\t\t\t\t<div class=\"elementor-element elementor-element-01c7b25 elementor-widget elementor-widget-image\" data-id=\"01c7b25\" data-element_type=\"widget\" data-widget_type=\"image.default\">\n\t\t\t\t<div class=\"elementor-widget-container\">\n\t\t\t\t\t\t\t\t\t\t\t\t<figure class=\"wp-caption\">\n\t\t\t\t\t\t\t\t\t\t\t<a href=\"https:\/\/besimxhelili.at\/al\/wp-content\/uploads\/2021\/10\/20170519_122609.jpg\" data-elementor-open-lightbox=\"yes\" data-elementor-lightbox-title=\"Besim Xhelili klasa V, viti 1988\" data-e-action-hash=\"#elementor-action%3Aaction%3Dlightbox%26settings%3DeyJpZCI6MzQwLCJ1cmwiOiJodHRwczpcL1wvYmVzaW14aGVsaWxpLmF0XC9hbFwvd3AtY29udGVudFwvdXBsb2Fkc1wvMjAyMVwvMTBcLzIwMTcwNTE5XzEyMjYwOS5qcGcifQ%3D%3D\">\n\t\t\t\t\t\t\t<img fetchpriority=\"high\" decoding=\"async\" width=\"223\" height=\"300\" src=\"https:\/\/besimxhelili.at\/al\/wp-content\/uploads\/2021\/10\/20170519_122609-223x300.jpg\" class=\"elementor-animation-grow attachment-medium size-medium wp-image-340\" alt=\"\" srcset=\"https:\/\/besimxhelili.at\/al\/wp-content\/uploads\/2021\/10\/20170519_122609-223x300.jpg 223w, https:\/\/besimxhelili.at\/al\/wp-content\/uploads\/2021\/10\/20170519_122609.jpg 714w\" sizes=\"(max-width: 223px) 100vw, 223px\" \/>\t\t\t\t\t\t\t\t<\/a>\n\t\t\t\t\t\t\t\t\t\t\t<figcaption class=\"widget-image-caption wp-caption-text\">Besim Xhelili klasa V, viti 1988<\/figcaption>\n\t\t\t\t\t\t\t\t\t\t<\/figure>\n\t\t\t\t\t\t\t\t\t<\/div>\n\t\t\t\t<\/div>\n\t\t\t\t<div class=\"elementor-element elementor-element-0e63284 elementor-widget elementor-widget-image\" data-id=\"0e63284\" data-element_type=\"widget\" data-widget_type=\"image.default\">\n\t\t\t\t<div class=\"elementor-widget-container\">\n\t\t\t\t\t\t\t\t\t\t\t\t<figure class=\"wp-caption\">\n\t\t\t\t\t\t\t\t\t\t\t<a href=\"https:\/\/besimxhelili.at\/al\/wp-content\/uploads\/2021\/10\/959.jpg\" data-elementor-open-lightbox=\"yes\" data-elementor-lightbox-title=\"Me k\u00ebta tre xhuxhmaxhuxhat: Flamuri, Medina, Besniku\" data-e-action-hash=\"#elementor-action%3Aaction%3Dlightbox%26settings%3DeyJpZCI6MzQ1LCJ1cmwiOiJodHRwczpcL1wvYmVzaW14aGVsaWxpLmF0XC9hbFwvd3AtY29udGVudFwvdXBsb2Fkc1wvMjAyMVwvMTBcLzk1OS5qcGcifQ%3D%3D\">\n\t\t\t\t\t\t\t<img decoding=\"async\" width=\"693\" height=\"520\" src=\"https:\/\/besimxhelili.at\/al\/wp-content\/uploads\/2021\/10\/959.jpg\" class=\"elementor-animation-grow attachment-large size-large wp-image-345\" alt=\"\" srcset=\"https:\/\/besimxhelili.at\/al\/wp-content\/uploads\/2021\/10\/959.jpg 693w, https:\/\/besimxhelili.at\/al\/wp-content\/uploads\/2021\/10\/959-300x225.jpg 300w, https:\/\/besimxhelili.at\/al\/wp-content\/uploads\/2021\/10\/959-400x300.jpg 400w\" sizes=\"(max-width: 693px) 100vw, 693px\" \/>\t\t\t\t\t\t\t\t<\/a>\n\t\t\t\t\t\t\t\t\t\t\t<figcaption class=\"widget-image-caption wp-caption-text\">Me k\u00ebta tre xhuxhmaxhuxhat: Flamuri, Medina, Besniku<\/figcaption>\n\t\t\t\t\t\t\t\t\t\t<\/figure>\n\t\t\t\t\t\t\t\t\t<\/div>\n\t\t\t\t<\/div>\n\t\t\t\t<div class=\"elementor-element elementor-element-262cf42 elementor-widget elementor-widget-image\" data-id=\"262cf42\" data-element_type=\"widget\" data-widget_type=\"image.default\">\n\t\t\t\t<div class=\"elementor-widget-container\">\n\t\t\t\t\t\t\t\t\t\t\t\t<figure class=\"wp-caption\">\n\t\t\t\t\t\t\t\t\t\t\t<a href=\"https:\/\/besimxhelili.at\/al\/wp-content\/uploads\/2021\/10\/Besim_1988.jpg\" data-elementor-open-lightbox=\"yes\" data-elementor-lightbox-title=\"P\u00ebrshefc\u00eb, Tetov\u00eb, viti 1988\" data-e-action-hash=\"#elementor-action%3Aaction%3Dlightbox%26settings%3DeyJpZCI6MzQ5LCJ1cmwiOiJodHRwczpcL1wvYmVzaW14aGVsaWxpLmF0XC9hbFwvd3AtY29udGVudFwvdXBsb2Fkc1wvMjAyMVwvMTBcL0Jlc2ltXzE5ODguanBnIn0%3D\">\n\t\t\t\t\t\t\t<img decoding=\"async\" width=\"705\" height=\"562\" src=\"https:\/\/besimxhelili.at\/al\/wp-content\/uploads\/2021\/10\/Besim_1988.jpg\" class=\"elementor-animation-grow attachment-large size-large wp-image-349\" alt=\"\" srcset=\"https:\/\/besimxhelili.at\/al\/wp-content\/uploads\/2021\/10\/Besim_1988.jpg 800w, https:\/\/besimxhelili.at\/al\/wp-content\/uploads\/2021\/10\/Besim_1988-300x239.jpg 300w, https:\/\/besimxhelili.at\/al\/wp-content\/uploads\/2021\/10\/Besim_1988-768x612.jpg 768w\" sizes=\"(max-width: 705px) 100vw, 705px\" \/>\t\t\t\t\t\t\t\t<\/a>\n\t\t\t\t\t\t\t\t\t\t\t<figcaption class=\"widget-image-caption wp-caption-text\"> P\u00ebrshefc\u00eb, Tetov\u00eb, viti 1988<\/figcaption>\n\t\t\t\t\t\t\t\t\t\t<\/figure>\n\t\t\t\t\t\t\t\t\t<\/div>\n\t\t\t\t<\/div>\n\t\t\t\t<div class=\"elementor-element elementor-element-36955da elementor-widget elementor-widget-image\" data-id=\"36955da\" data-element_type=\"widget\" data-widget_type=\"image.default\">\n\t\t\t\t<div class=\"elementor-widget-container\">\n\t\t\t\t\t\t\t\t\t\t\t\t<figure class=\"wp-caption\">\n\t\t\t\t\t\t\t\t\t\t\t<a href=\"https:\/\/besimxhelili.at\/al\/wp-content\/uploads\/2021\/10\/1113.jpg\" data-elementor-open-lightbox=\"yes\" data-elementor-lightbox-title=\"N\u00eb natyr\u00eb...!\" data-e-action-hash=\"#elementor-action%3Aaction%3Dlightbox%26settings%3DeyJpZCI6MzU5LCJ1cmwiOiJodHRwczpcL1wvYmVzaW14aGVsaWxpLmF0XC9hbFwvd3AtY29udGVudFwvdXBsb2Fkc1wvMjAyMVwvMTBcLzExMTMuanBnIn0%3D\">\n\t\t\t\t\t\t\t<img loading=\"lazy\" decoding=\"async\" width=\"693\" height=\"520\" src=\"https:\/\/besimxhelili.at\/al\/wp-content\/uploads\/2021\/10\/1113.jpg\" class=\"elementor-animation-grow attachment-large size-large wp-image-359\" alt=\"\" srcset=\"https:\/\/besimxhelili.at\/al\/wp-content\/uploads\/2021\/10\/1113.jpg 693w, https:\/\/besimxhelili.at\/al\/wp-content\/uploads\/2021\/10\/1113-300x225.jpg 300w, https:\/\/besimxhelili.at\/al\/wp-content\/uploads\/2021\/10\/1113-400x300.jpg 400w\" sizes=\"(max-width: 693px) 100vw, 693px\" \/>\t\t\t\t\t\t\t\t<\/a>\n\t\t\t\t\t\t\t\t\t\t\t<figcaption class=\"widget-image-caption wp-caption-text\">N\u00eb natyr\u00eb...!<\/figcaption>\n\t\t\t\t\t\t\t\t\t\t<\/figure>\n\t\t\t\t\t\t\t\t\t<\/div>\n\t\t\t\t<\/div>\n\t\t\t\t\t<\/div>\n\t\t<\/div>\n\t\t\t\t\t<\/div>\n\t\t<\/section>\n\t\t\t\t\t<\/div>\n\t\t<\/div>\n\t\t\t\t\t<\/div>\n\t\t<\/section>\n\t\t\t\t<\/div>\n\t\t","protected":false},"excerpt":{"rendered":"<p>Un\u00eb kam lindur m\u00eb 11 shkurt 1977 n\u00eb Tetov\u00eb dhe u rrita n\u00eb fshatin P\u00ebrshefc\u00eb, ku mbarova me sukses shkoll\u00ebn tet\u00ebvje\u00e7are. Shkoll\u00ebn e mesme &hellip; <a href=\"https:\/\/besimxhelili.at\/al\/rreth-meje\/\" class=\"readmore\">More <span class=\"screen-reader-text\">Rreth meje<\/span> &raquo;<\/a><\/p>\n","protected":false},"author":1,"featured_media":0,"parent":0,"menu_order":0,"comment_status":"closed","ping_status":"closed","template":"elementor_header_footer","meta":{"footnotes":""},"class_list":["post-96","page","type-page","status-publish","hentry"],"_links":{"self":[{"href":"https:\/\/besimxhelili.at\/al\/wp-json\/wp\/v2\/pages\/96","targetHints":{"allow":["GET"]}}],"collection":[{"href":"https:\/\/besimxhelili.at\/al\/wp-json\/wp\/v2\/pages"}],"about":[{"href":"https:\/\/besimxhelili.at\/al\/wp-json\/wp\/v2\/types\/page"}],"author":[{"embeddable":true,"href":"https:\/\/besimxhelili.at\/al\/wp-json\/wp\/v2\/users\/1"}],"replies":[{"embeddable":true,"href":"https:\/\/besimxhelili.at\/al\/wp-json\/wp\/v2\/comments?post=96"}],"version-history":[{"count":40,"href":"https:\/\/besimxhelili.at\/al\/wp-json\/wp\/v2\/pages\/96\/revisions"}],"predecessor-version":[{"id":926,"href":"https:\/\/besimxhelili.at\/al\/wp-json\/wp\/v2\/pages\/96\/revisions\/926"}],"wp:attachment":[{"href":"https:\/\/besimxhelili.at\/al\/wp-json\/wp\/v2\/media?parent=96"}],"curies":[{"name":"wp","href":"https:\/\/api.w.org\/{rel}","templated":true}]}}